

{"version":"1.0","provider_name":"NextConomy","provider_url":"https:\/\/www.nextconomy.be\/fr\/","author_name":"NextConomy","author_url":"https:\/\/www.nextconomy.be\/fr\/author\/redactieredaction\/","title":"Encourager l\u2019immigration l\u00e9gale pour faire prosp\u00e9rer l\u2019Europe - NextConomy","type":"rich","width":600,"height":338,"html":"<blockquote class=\"wp-embedded-content\" data-secret=\"Kz5mBM1XEf\"><a href=\"https:\/\/www.nextconomy.be\/fr\/2023\/11\/encourager-limmigration-legale-pour-faire-prosperer-leurope\/\">Encourager l\u2019immigration l\u00e9gale pour faire prosp\u00e9rer l\u2019Europe<\/a><\/blockquote><iframe sandbox=\"allow-scripts\" security=\"restricted\" src=\"https:\/\/www.nextconomy.be\/fr\/2023\/11\/encourager-limmigration-legale-pour-faire-prosperer-leurope\/embed\/#?secret=Kz5mBM1XEf\" width=\"600\" height=\"338\" title=\"\u00ab\u00a0Encourager l\u2019immigration l\u00e9gale pour faire prosp\u00e9rer l\u2019Europe\u00a0\u00bb &#8212; NextConomy\" data-secret=\"Kz5mBM1XEf\" frameborder=\"0\" marginwidth=\"0\" marginheight=\"0\" scrolling=\"no\" class=\"wp-embedded-content\"><\/iframe><script type=\"text\/javascript\">\n\/* <![CDATA[ *\/\n\/*! This file is auto-generated *\/\n!function(d,l){\"use strict\";l.querySelector&&d.addEventListener&&\"undefined\"!=typeof URL&&(d.wp=d.wp||{},d.wp.receiveEmbedMessage||(d.wp.receiveEmbedMessage=function(e){var t=e.data;if((t||t.secret||t.message||t.value)&&!\/[^a-zA-Z0-9]\/.test(t.secret)){for(var s,r,n,a=l.querySelectorAll('iframe[data-secret=\"'+t.secret+'\"]'),o=l.querySelectorAll('blockquote[data-secret=\"'+t.secret+'\"]'),c=new RegExp(\"^https?:$\",\"i\"),i=0;i<o.length;i++)o[i].style.display=\"none\";for(i=0;i<a.length;i++)s=a[i],e.source===s.contentWindow&&(s.removeAttribute(\"style\"),\"height\"===t.message?(1e3<(r=parseInt(t.value,10))?r=1e3:~~r<200&&(r=200),s.height=r):\"link\"===t.message&&(r=new URL(s.getAttribute(\"src\")),n=new URL(t.value),c.test(n.protocol))&&n.host===r.host&&l.activeElement===s&&(d.top.location.href=t.value))}},d.addEventListener(\"message\",d.wp.receiveEmbedMessage,!1),l.addEventListener(\"DOMContentLoaded\",function(){for(var e,t,s=l.querySelectorAll(\"iframe.wp-embedded-content\"),r=0;r<s.length;r++)(t=(e=s[r]).getAttribute(\"data-secret\"))||(t=Math.random().toString(36).substring(2,12),e.src+=\"#?secret=\"+t,e.setAttribute(\"data-secret\",t)),e.contentWindow.postMessage({message:\"ready\",secret:t},\"*\")},!1)))}(window,document);\n\/* ]]> *\/\n<\/script>\n","thumbnail_url":"https:\/\/www.nextconomy.be\/wp-content\/uploads\/2023\/11\/Versterking-van-legale-migratie-om-Europa-te-laten-bloeien-2-1.png","thumbnail_width":820,"thumbnail_height":440,"description":"La Commission europ\u00e9enne envisage de cr\u00e9er un \u00ab\u2009r\u00e9servoir de talents de l\u2019UE\u2009\u00bb afin de faciliter le recrutement de demandeurs d\u2019emploi originaires de pays non membres de l\u2019UE et de promouvoir ce type de d\u00e9marche. Elle a \u00e9galement fix\u00e9 des objectifs \u00e0 atteindre d\u2019ici 2030 en ce qui concerne le nombre de dipl\u00f4m\u00e9s de l\u2019enseignement, d\u2019apprenants sans grand avenir et d\u2019\u00e9tudiants en formation professionnelle qu\u2019elle souhaite attirer. Explications."}